{"id":36501,"date":"2023-01-03T13:36:06","date_gmt":"2023-01-03T13:36:06","guid":{"rendered":"http:\/\/clemenciaperis.es\/?post_type=product&#038;p=36501"},"modified":"2024-02-27T17:06:52","modified_gmt":"2024-02-27T15:06:52","slug":"anells-de-compromis-or-blanc-40-diamants-1-diamant-talla-rodona-063","status":"publish","type":"product","link":"https:\/\/www.clemenciaperis.com\/ca\/p\/anells-de-compromis-or-blanc-40-diamants-1-diamant-talla-rodona-063\/","title":{"rendered":"Solitari de comprom\u00eds en or blanc 18kt amb 42 diamants"},"content":{"rendered":"<div class=\"col-md-12 col-xs-12 desc\">\n<p>Anell de comprom\u00eds estil solitari amb un diamant central talla brillant personalitzable. Compta tamb\u00e9 amb 42 diamants talla brillant, amb un pes total de 0,42qts, que han estat encastats amb pav\u00e9 al llarg de tot el bra\u00e7. Una joia d&#8217;or blanc de 18kt amb una delicada bellesa i un perfil inconfusible.<em> *El diamant de l&#8217;anell de la imatge correspon a 0.50qt.<\/em><\/p>\n<\/div>\n","protected":false},"excerpt":{"rendered":"<p>Anell de comprom\u00eds estil solitari amb un diamant central talla brillant personalitzable. Compta tamb\u00e9 amb 42 diamants talla brillant, amb un pes total de 0,42qts, que han estat encastats amb pav\u00e9 al llarg de tot el bra\u00e7. Una joia d&#8217;or blanc de 18kt amb una delicada bellesa i un perfil inconfusible. *El diamant de l&#8217;anell [&hellip;]<\/p>\n","protected":false},"featured_media":129933,"template":"","meta":{"_acf_changed":false},"product_brand":[],"product_cat":[104,130,150,149,148,113,96],"product_tag":[],"class_list":{"0":"post-36501","1":"product","2":"type-product","3":"status-publish","4":"has-post-thumbnail","6":"product_cat-classics","7":"product_cat-or-blanc","8":"product_cat-talla-brillant","9":"product_cat-estil-solitari","10":"product_cat-solitari-pave","11":"product_cat-exclusius","12":"product_cat-anells-de-compromis","14":"first","15":"instock","16":"taxable","17":"shipping-taxable","18":"purchasable","19":"product-type-variable"},"acf":[],"yoast_head":"<!-- This site is optimized with the Yoast SEO plugin v24.8.1 - https:\/\/yoast.com\/wordpress\/plugins\/seo\/ -->\n<title>Anells de Comprom\u00eds amb Diamant talla Rodona - Joieria Clem\u00e8ncia Peris \u00ae<\/title>\n<meta name=\"description\" content=\"Anells de Comprom\u00eds or blanc amb 40 diamants i 1 diamant talla Rodona\" \/>\n<meta name=\"robots\" content=\"index, follow, max-snippet:-1, max-image-preview:large, max-video-preview:-1\" \/>\n<link rel=\"canonical\" href=\"https:\/\/www.clemenciaperis.com\/ca\/p\/anells-de-compromis-or-blanc-40-diamants-1-diamant-talla-rodona-063\/\" \/>\n<meta property=\"og:locale\" content=\"ca_ES\" \/>\n<meta property=\"og:type\" content=\"article\" \/>\n<meta property=\"og:title\" content=\"Anells de Comprom\u00eds amb Diamant talla Rodona - Joieria Clem\u00e8ncia Peris \u00ae\" \/>\n<meta property=\"og:description\" content=\"Anells de Comprom\u00eds or blanc amb 40 diamants i 1 diamant talla Rodona\" \/>\n<meta property=\"og:url\" content=\"https:\/\/www.clemenciaperis.com\/ca\/p\/anells-de-compromis-or-blanc-40-diamants-1-diamant-talla-rodona-063\/\" \/>\n<meta property=\"og:site_name\" content=\"Joieria Clem\u00e8ncia Peris \u00ae\" \/>\n<meta property=\"article:publisher\" content=\"https:\/\/www.facebook.com\/clemenciaperisjewelry\" \/>\n<meta property=\"article:modified_time\" content=\"2024-02-27T15:06:52+00:00\" \/>\n<meta property=\"og:image\" content=\"https:\/\/www.clemenciaperis.com\/wp-content\/uploads\/2020\/09\/AC063B-Cenital.webp\" \/>\n\t<meta property=\"og:image:width\" content=\"500\" \/>\n\t<meta property=\"og:image:height\" content=\"500\" \/>\n\t<meta property=\"og:image:type\" content=\"image\/webp\" \/>\n<meta name=\"twitter:card\" content=\"summary_large_image\" \/>\n<meta name=\"twitter:label1\" content=\"Disponibilitat\" \/>\n\t<meta name=\"twitter:data1\" content=\"En estoc\" \/>\n<script type=\"application\/ld+json\" class=\"yoast-schema-graph\">{\"@context\":\"https:\/\/schema.org\",\"@graph\":[{\"@type\":\"WebPage\",\"@id\":\"https:\/\/www.clemenciaperis.com\/ca\/p\/anells-de-compromis-or-blanc-40-diamants-1-diamant-talla-rodona-063\/\",\"url\":\"https:\/\/www.clemenciaperis.com\/ca\/p\/anells-de-compromis-or-blanc-40-diamants-1-diamant-talla-rodona-063\/\",\"name\":\"Anells de Comprom\u00eds amb Diamant talla Rodona - Joieria Clem\u00e8ncia Peris \u00ae\",\"isPartOf\":{\"@id\":\"https:\/\/www.clemenciaperis.com\/ca\/#website\"},\"primaryImageOfPage\":{\"@id\":\"https:\/\/www.clemenciaperis.com\/ca\/p\/anells-de-compromis-or-blanc-40-diamants-1-diamant-talla-rodona-063\/#primaryimage\"},\"image\":{\"@id\":\"https:\/\/www.clemenciaperis.com\/ca\/p\/anells-de-compromis-or-blanc-40-diamants-1-diamant-talla-rodona-063\/#primaryimage\"},\"thumbnailUrl\":\"https:\/\/www.clemenciaperis.com\/wp-content\/uploads\/2020\/09\/AC063B-Cenital-2.webp\",\"datePublished\":\"2023-01-03T13:36:06+00:00\",\"dateModified\":\"2024-02-27T15:06:52+00:00\",\"description\":\"Anells de Comprom\u00eds or blanc amb 40 diamants i 1 diamant talla Rodona\",\"inLanguage\":\"ca\",\"potentialAction\":[{\"@type\":\"ReadAction\",\"target\":[\"https:\/\/www.clemenciaperis.com\/ca\/p\/anells-de-compromis-or-blanc-40-diamants-1-diamant-talla-rodona-063\/\"]}]},{\"@type\":\"ImageObject\",\"inLanguage\":\"ca\",\"@id\":\"https:\/\/www.clemenciaperis.com\/ca\/p\/anells-de-compromis-or-blanc-40-diamants-1-diamant-talla-rodona-063\/#primaryimage\",\"url\":\"https:\/\/www.clemenciaperis.com\/wp-content\/uploads\/2020\/09\/AC063B-Cenital-2.webp\",\"contentUrl\":\"https:\/\/www.clemenciaperis.com\/wp-content\/uploads\/2020\/09\/AC063B-Cenital-2.webp\",\"width\":1000,\"height\":1000},{\"@type\":\"BreadcrumbList\",\"@id\":\"https:\/\/www.clemenciaperis.com\/ca\/p\/anells-de-compromis-or-blanc-40-diamants-1-diamant-talla-rodona-063\/#breadcrumb\",\"itemListElement\":[{\"@type\":\"ListItem\",\"position\":1,\"name\":\"Anells de Comprom\u00eds\",\"item\":\"https:\/\/www.clemenciaperis.com\/ca\/c\/anells-de-compromis\/\"},{\"@type\":\"ListItem\",\"position\":2,\"name\":\"Anells de Comprom\u00eds Cl\u00e0ssics\",\"item\":\"https:\/\/www.clemenciaperis.com\/ca\/c\/anells-de-compromis\/classics\/\"},{\"@type\":\"ListItem\",\"position\":3,\"name\":\"Solitari de comprom\u00eds en or blanc 18kt amb 42 diamants\"}]},{\"@type\":\"WebSite\",\"@id\":\"https:\/\/www.clemenciaperis.com\/ca\/#website\",\"url\":\"https:\/\/www.clemenciaperis.com\/ca\/\",\"name\":\"Joyer\u00eda Clem\u00e8ncia Peris \u00ae\",\"description\":\"Joyer\u00eda exclusiva en Barcelona desde 1979: Anillos de compromiso, alianzas de boda y anillos de diamantes.\",\"publisher\":{\"@id\":\"https:\/\/www.clemenciaperis.com\/ca\/#organization\"},\"potentialAction\":[{\"@type\":\"SearchAction\",\"target\":{\"@type\":\"EntryPoint\",\"urlTemplate\":\"https:\/\/www.clemenciaperis.com\/ca\/?s={search_term_string}\"},\"query-input\":{\"@type\":\"PropertyValueSpecification\",\"valueRequired\":true,\"valueName\":\"search_term_string\"}}],\"inLanguage\":\"ca\"},{\"@type\":\"Organization\",\"@id\":\"https:\/\/www.clemenciaperis.com\/ca\/#organization\",\"name\":\"Joyer\u00eda Clem\u00e8ncia Peris \u00ae\",\"url\":\"https:\/\/www.clemenciaperis.com\/ca\/\",\"logo\":{\"@type\":\"ImageObject\",\"inLanguage\":\"ca\",\"@id\":\"https:\/\/www.clemenciaperis.com\/ca\/#\/schema\/logo\/image\/\",\"url\":\"https:\/\/www.clemenciaperis.com\/wp-content\/uploads\/2023\/10\/Clemencia-peris-logo2.png\",\"contentUrl\":\"https:\/\/www.clemenciaperis.com\/wp-content\/uploads\/2023\/10\/Clemencia-peris-logo2.png\",\"width\":400,\"height\":400,\"caption\":\"Joyer\u00eda Clem\u00e8ncia Peris \u00ae\"},\"image\":{\"@id\":\"https:\/\/www.clemenciaperis.com\/ca\/#\/schema\/logo\/image\/\"},\"sameAs\":[\"https:\/\/www.facebook.com\/clemenciaperisjewelry\",\"https:\/\/www.instagram.com\/clemenciaperisjewels\/\",\"https:\/\/www.youtube.com\/channel\/UCbLZI0bC2wvj0PaS2aj99bA\"]}]}<\/script>\n<meta property=\"og:availability\" content=\"instock\" \/>\n<meta property=\"product:availability\" content=\"instock\" \/>\n<meta property=\"product:retailer_item_id\" content=\"ac063Pb\" \/>\n<meta property=\"product:condition\" content=\"new\" \/>\n<!-- \/ Yoast SEO plugin. -->","yoast_head_json":{"title":"Anells de Comprom\u00eds amb Diamant talla Rodona - Joieria Clem\u00e8ncia Peris \u00ae","description":"Anells de Comprom\u00eds or blanc amb 40 diamants i 1 diamant talla Rodona","robots":{"index":"index","follow":"follow","max-snippet":"max-snippet:-1","max-image-preview":"max-image-preview:large","max-video-preview":"max-video-preview:-1"},"canonical":"https:\/\/www.clemenciaperis.com\/ca\/p\/anells-de-compromis-or-blanc-40-diamants-1-diamant-talla-rodona-063\/","og_locale":"ca_ES","og_type":"article","og_title":"Anells de Comprom\u00eds amb Diamant talla Rodona - Joieria Clem\u00e8ncia Peris \u00ae","og_description":"Anells de Comprom\u00eds or blanc amb 40 diamants i 1 diamant talla Rodona","og_url":"https:\/\/www.clemenciaperis.com\/ca\/p\/anells-de-compromis-or-blanc-40-diamants-1-diamant-talla-rodona-063\/","og_site_name":"Joieria Clem\u00e8ncia Peris \u00ae","article_publisher":"https:\/\/www.facebook.com\/clemenciaperisjewelry","article_modified_time":"2024-02-27T15:06:52+00:00","og_image":[{"width":500,"height":500,"url":"https:\/\/www.clemenciaperis.com\/wp-content\/uploads\/2020\/09\/AC063B-Cenital.webp","type":"image\/webp"}],"twitter_card":"summary_large_image","twitter_misc":{"Disponibilitat":"En estoc"},"schema":{"@context":"https:\/\/schema.org","@graph":[{"@type":"WebPage","@id":"https:\/\/www.clemenciaperis.com\/ca\/p\/anells-de-compromis-or-blanc-40-diamants-1-diamant-talla-rodona-063\/","url":"https:\/\/www.clemenciaperis.com\/ca\/p\/anells-de-compromis-or-blanc-40-diamants-1-diamant-talla-rodona-063\/","name":"Anells de Comprom\u00eds amb Diamant talla Rodona - Joieria Clem\u00e8ncia Peris \u00ae","isPartOf":{"@id":"https:\/\/www.clemenciaperis.com\/ca\/#website"},"primaryImageOfPage":{"@id":"https:\/\/www.clemenciaperis.com\/ca\/p\/anells-de-compromis-or-blanc-40-diamants-1-diamant-talla-rodona-063\/#primaryimage"},"image":{"@id":"https:\/\/www.clemenciaperis.com\/ca\/p\/anells-de-compromis-or-blanc-40-diamants-1-diamant-talla-rodona-063\/#primaryimage"},"thumbnailUrl":"https:\/\/www.clemenciaperis.com\/wp-content\/uploads\/2020\/09\/AC063B-Cenital-2.webp","datePublished":"2023-01-03T13:36:06+00:00","dateModified":"2024-02-27T15:06:52+00:00","description":"Anells de Comprom\u00eds or blanc amb 40 diamants i 1 diamant talla Rodona","inLanguage":"ca","potentialAction":[{"@type":"ReadAction","target":["https:\/\/www.clemenciaperis.com\/ca\/p\/anells-de-compromis-or-blanc-40-diamants-1-diamant-talla-rodona-063\/"]}]},{"@type":"ImageObject","inLanguage":"ca","@id":"https:\/\/www.clemenciaperis.com\/ca\/p\/anells-de-compromis-or-blanc-40-diamants-1-diamant-talla-rodona-063\/#primaryimage","url":"https:\/\/www.clemenciaperis.com\/wp-content\/uploads\/2020\/09\/AC063B-Cenital-2.webp","contentUrl":"https:\/\/www.clemenciaperis.com\/wp-content\/uploads\/2020\/09\/AC063B-Cenital-2.webp","width":1000,"height":1000},{"@type":"BreadcrumbList","@id":"https:\/\/www.clemenciaperis.com\/ca\/p\/anells-de-compromis-or-blanc-40-diamants-1-diamant-talla-rodona-063\/#breadcrumb","itemListElement":[{"@type":"ListItem","position":1,"name":"Anells de Comprom\u00eds","item":"https:\/\/www.clemenciaperis.com\/ca\/c\/anells-de-compromis\/"},{"@type":"ListItem","position":2,"name":"Anells de Comprom\u00eds Cl\u00e0ssics","item":"https:\/\/www.clemenciaperis.com\/ca\/c\/anells-de-compromis\/classics\/"},{"@type":"ListItem","position":3,"name":"Solitari de comprom\u00eds en or blanc 18kt amb 42 diamants"}]},{"@type":"WebSite","@id":"https:\/\/www.clemenciaperis.com\/ca\/#website","url":"https:\/\/www.clemenciaperis.com\/ca\/","name":"Joyer\u00eda Clem\u00e8ncia Peris \u00ae","description":"Joyer\u00eda exclusiva en Barcelona desde 1979: Anillos de compromiso, alianzas de boda y anillos de diamantes.","publisher":{"@id":"https:\/\/www.clemenciaperis.com\/ca\/#organization"},"potentialAction":[{"@type":"SearchAction","target":{"@type":"EntryPoint","urlTemplate":"https:\/\/www.clemenciaperis.com\/ca\/?s={search_term_string}"},"query-input":{"@type":"PropertyValueSpecification","valueRequired":true,"valueName":"search_term_string"}}],"inLanguage":"ca"},{"@type":"Organization","@id":"https:\/\/www.clemenciaperis.com\/ca\/#organization","name":"Joyer\u00eda Clem\u00e8ncia Peris \u00ae","url":"https:\/\/www.clemenciaperis.com\/ca\/","logo":{"@type":"ImageObject","inLanguage":"ca","@id":"https:\/\/www.clemenciaperis.com\/ca\/#\/schema\/logo\/image\/","url":"https:\/\/www.clemenciaperis.com\/wp-content\/uploads\/2023\/10\/Clemencia-peris-logo2.png","contentUrl":"https:\/\/www.clemenciaperis.com\/wp-content\/uploads\/2023\/10\/Clemencia-peris-logo2.png","width":400,"height":400,"caption":"Joyer\u00eda Clem\u00e8ncia Peris \u00ae"},"image":{"@id":"https:\/\/www.clemenciaperis.com\/ca\/#\/schema\/logo\/image\/"},"sameAs":["https:\/\/www.facebook.com\/clemenciaperisjewelry","https:\/\/www.instagram.com\/clemenciaperisjewels\/","https:\/\/www.youtube.com\/channel\/UCbLZI0bC2wvj0PaS2aj99bA"]}]},"og_availability":"instock","product_availability":"instock","product_retailer_item_id":"ac063Pb","product_condition":"new"},"_links":{"self":[{"href":"https:\/\/www.clemenciaperis.com\/ca\/wp-json\/wp\/v2\/product\/36501","targetHints":{"allow":["GET"]}}],"collection":[{"href":"https:\/\/www.clemenciaperis.com\/ca\/wp-json\/wp\/v2\/product"}],"about":[{"href":"https:\/\/www.clemenciaperis.com\/ca\/wp-json\/wp\/v2\/types\/product"}],"wp:featuredmedia":[{"embeddable":true,"href":"https:\/\/www.clemenciaperis.com\/ca\/wp-json\/wp\/v2\/media\/129933"}],"wp:attachment":[{"href":"https:\/\/www.clemenciaperis.com\/ca\/wp-json\/wp\/v2\/media?parent=36501"}],"wp:term":[{"taxonomy":"product_brand","embeddable":true,"href":"https:\/\/www.clemenciaperis.com\/ca\/wp-json\/wp\/v2\/product_brand?post=36501"},{"taxonomy":"product_cat","embeddable":true,"href":"https:\/\/www.clemenciaperis.com\/ca\/wp-json\/wp\/v2\/product_cat?post=36501"},{"taxonomy":"product_tag","embeddable":true,"href":"https:\/\/www.clemenciaperis.com\/ca\/wp-json\/wp\/v2\/product_tag?post=36501"}],"curies":[{"name":"wp","href":"https:\/\/api.w.org\/{rel}","templated":true}]}}