{"id":215015,"date":"2026-01-26T12:48:02","date_gmt":"2026-01-26T10:48:02","guid":{"rendered":"https:\/\/www.clemenciaperis.com\/?page_id=215015"},"modified":"2026-02-10T00:14:48","modified_gmt":"2026-02-09T22:14:48","slug":"guia-de-talles","status":"publish","type":"page","link":"https:\/\/www.clemenciaperis.com\/ca\/guia-de-talles\/","title":{"rendered":"Guia de talles"},"content":{"rendered":"<div\n\tclass=\"cle-navigated-content align wp-block-clemencia-navigated-content\" id=\"cle-navigated-content-69f1139691ea1\">\n\t<div class=\"cle-navigated-content__inner\">\n\n\t\t<div class=\"cle-navigated-content__sidebar\">\n\t\t\t<h1 class=\"cle-navigated-content__page-heading\">\n\t\t\t\tGuia de talles\t\t\t<\/h1>\n\n\t\t\t<div class=\"cle-navigated-content__sidebar-content\">\n\t\t\t\t<nav class=\"cle-navigated-content__navigation\">\n\t\t\t\t\t<ul class=\"cle-navigated-content__navigation-list\">\n\t\t\t\t\t\t\t\t\t\t\t\t\t\t<li class=\"cle-navigated-content__navigation-item\">\n\t\t\t\t\t\t\t\t\t<a href=\"#guia-tallas-anillo\" target=\"\" class=\"cle-navigated-content__navigation-link\">\n\t\t\t\t\t\t\t\t\t\tGuia de Talles anells\t\t\t\t\t\t\t\t\t\t\t\t\t\t\t\t\t\t\t<p class=\"cle-navigated-content__navigation-subheading\">\n\t\t\t\t\t\t\t\t\t\t\tDescobreixi com saber la talla del seu anell\t\t\t\t\t\t\t\t\t\t<\/p>\n\t\t\t\t\t\t\t\t\t\t\t\t\t\t\t\t\t\t<\/a>\n\t\t\t\t\t\t\t\t<\/li>\n\t\t\t\t\t\t\t\t\t\t\t\t\t\t\t\t<li class=\"cle-navigated-content__navigation-item\">\n\t\t\t\t\t\t\t\t\t<a href=\"#guia-tallas-brazaletes\" target=\"\" class=\"cle-navigated-content__navigation-link\">\n\t\t\t\t\t\t\t\t\t\tGuia de talles bra\u00e7alets\t\t\t\t\t\t\t\t\t\t\t\t\t\t\t\t\t\t\t<p class=\"cle-navigated-content__navigation-subheading\">\n\t\t\t\t\t\t\t\t\t\t\tDescobreixi com triar la talla correcta del seu bra\u00e7alet\t\t\t\t\t\t\t\t\t\t<\/p>\n\t\t\t\t\t\t\t\t\t\t\t\t\t\t\t\t\t\t<\/a>\n\t\t\t\t\t\t\t\t<\/li>\n\t\t\t\t\t\t\t\t\t\t\t\t\t\t\t\t<li class=\"cle-navigated-content__navigation-item\">\n\t\t\t\t\t\t\t\t\t<a href=\"#guia-talla-collares\" target=\"\" class=\"cle-navigated-content__navigation-link\">\n\t\t\t\t\t\t\t\t\t\tGuia de talles collarets\t\t\t\t\t\t\t\t\t\t\t\t\t\t\t\t\t\t\t<p class=\"cle-navigated-content__navigation-subheading\">\n\t\t\t\t\t\t\t\t\t\t\tDescobreixi com triar la talla del seu collaret\t\t\t\t\t\t\t\t\t\t<\/p>\n\t\t\t\t\t\t\t\t\t\t\t\t\t\t\t\t\t\t<\/a>\n\t\t\t\t\t\t\t\t<\/li>\n\t\t\t\t\t\t\t\t\t\t\t\t\t<\/ul>\n\t\t\t\t<\/nav>\n\n\t\t\t\t\t\t\t\t<div class=\"cle-navigated-content__extra-sidebar-content\">\n\t\t\t\t\t<p class=\"cle-navigated-content__extra-sidebar-content-heading\">Encara t\u00e9 dubtes?<\/p>\n<p>Truqui&#8217;ns<br \/>\n<a href=\"tel:93 565 0744\">93 565 0744<\/a><\/p>\n<p>O envi\u00ef&#8217;ns un email<br \/>\n<a href=\"mailto:customeratt@clemenciaperis.com\">customeratt@clemenciaperis.com<\/a><\/p>\n\t\t\t\t<\/div>\n\t\t\t\t\t\t\t\t<\/div>\n\t\t<\/div>\n\n\t\t<div class=\"cle-navigated-content__content\">\n\n\t\t\t\t\t\t<div class=\"cle-navigated-content__section\" id=\"guia-tallas-anillo\">\n\t\t\t\t<h2 class=\"cle-navigated-content__section-heading\">\n\t\t\t\t\t01 Com saber la talla del seu anell\t\t\t\t<\/h2>\n\n\t\t\t\t\t\t\t\t<div class=\"cle-navigated-content__blocks\">\n\t\t\t\t\t\t\t\t\t\t\t<div class=\"cle-navigated-content__block .cle-navigated-content__block--has-media\">\n\t\t\t\t\t\t\t\t\t\t\t\t\t\t\t<div class=\"cle-navigated-content__block-media\">\n\t\t\t\t\t\t\t\t\t<img decoding=\"async\" src=\"https:\/\/www.clemenciaperis.com\/wp-content\/uploads\/2025\/10\/talla-anillo-01-1024x591.jpg\" class=\"cle-navigated-content__block-image\" \/>\n\t\t\t\t\t\t\t\t<\/div>\n\t\t\t\t\t\t\t\t\t\t\t\t\t\t<div class=\"cle-navigated-content__block-content\">\n\t\t\t\t\t\t\t\t<h3>Descarregui la guia de talles<\/h3>\n<p>Les talles dels anells s\u00f3n molt precises. Segueixi aquestes instruccions per a obtenir una medici\u00f3 correcte:<\/p>\n<ol>\n<li style=\"list-style-type: none\">\n<ol>\n<li>Descarregui la <strong>Guia de Talles<\/strong> que trobar\u00e0 fent clic a continuaci\u00f3.<br \/>\n<a class=\"nice-button\" href=\"https:\/\/www.clemenciaperis.com\/files\/sizes_ca.pdf\" target=\"_blank\" rel=\"noopener\">Descarregar Guia de Talles<\/a><\/li>\n<li>Abans d&#8217;imprimir, asseguri&#8217;s que el <strong>\u201cEscalat de p\u00e0gina\u201d s&#8217;estableix en \u201cCap\u201d<\/strong> en el quadre de di\u00e0leg d&#8217;impressi\u00f3 (per a obrir el di\u00e0leg d&#8217;impressi\u00f3 pressioni CTRL + P).<\/li>\n<li>Imprimeixi i mesuri la barra negra que trobar\u00e0 en el document. Ha de tenir exactament 30 mm de llarg.<\/li>\n<\/ol>\n<\/li>\n<\/ol>\n<p><img decoding=\"async\" style=\"max-width: 163px\" src=\"\/wp-content\/uploads\/2025\/10\/talla-anillo-02.png\" \/><\/p>\n<p>Ara ja est\u00e0 llest per a esbrinar la talla del seu anell. Pot fer-ho de dues formes: amb un anell actual o mesurant la grand\u00e0ria del seu dit. Li detallem cadascuna de les opcions, a continuaci\u00f3. Tri\u00ef la que millor li convingui.<\/p>\n\t\t\t\t\t\t\t<\/div>\n\t\t\t\t\t\t<\/div>\n\t\t\t\t\t\t\t\t\t\t\t<div class=\"cle-navigated-content__block .cle-navigated-content__block--has-media\">\n\t\t\t\t\t\t\t\t\t\t\t\t\t\t\t<div class=\"cle-navigated-content__block-media\">\n\t\t\t\t\t\t\t\t\t<img decoding=\"async\" src=\"https:\/\/www.clemenciaperis.com\/wp-content\/uploads\/2025\/10\/talla-anillo-03-1024x682.jpg\" class=\"cle-navigated-content__block-image\" \/>\n\t\t\t\t\t\t\t\t<\/div>\n\t\t\t\t\t\t\t\t\t\t\t\t\t\t<div class=\"cle-navigated-content__block-content\">\n\t\t\t\t\t\t\t\t<h2>Opci\u00f3 1: mesurar amb un anell actual<\/h2>\n<ol>\n<li>Seleccioni un anell que porti habitualment i que s&#8217;ajusti b\u00e9 al dit que prefereixi. A Espanya, tradicionalment, els anells de comprom\u00eds i les aliances de boda es llueixen al dit anul\u00b7lar de la m\u00e0 esquerra. En altres pa\u00efsos europeus la costum pot variar.<\/li>\n<li><strong>Col\u00b7loqui l&#8217;anell sobre els cercles que trobar\u00e0 en el document que s&#8217;ha descarregat en PDF<\/strong> (no faci servir els que veu en pantalla) i faci coincidir la vora interior de l&#8217;anell al cercle m\u00e9s pr\u00f2xim en grand\u00e0ria. Aquesta mida fa refer\u00e8ncia al di\u00e0metre interior de l&#8217;anell.<br \/>\n<img decoding=\"async\" style=\"max-width: 545px\" src=\"\/wp-content\/uploads\/2025\/10\/talla-anillo-04.png\" \/><\/li>\n<li>A \u00a0la <strong>\u201cTaula internacional de mesures d&#8217;anells\u201d<\/strong> que trobar\u00e0 m\u00e9s a baix, podr\u00e0 veure a quina talla correspon la seva medici\u00f3. Si l&#8217;anell est\u00e0 entre dues grand\u00e0ries, li recomanem que tri\u00ef la talla m\u00e9s gran.<\/li>\n<\/ol>\n\t\t\t\t\t\t\t<\/div>\n\t\t\t\t\t\t<\/div>\n\t\t\t\t\t\t\t\t\t\t\t<div class=\"cle-navigated-content__block .cle-navigated-content__block--has-media\">\n\t\t\t\t\t\t\t\t\t\t\t\t\t\t\t<div class=\"cle-navigated-content__block-media\">\n\t\t\t\t\t\t\t\t\t<img decoding=\"async\" src=\"https:\/\/www.clemenciaperis.com\/wp-content\/uploads\/2025\/10\/talla-anillo-05-1024x591.jpg\" class=\"cle-navigated-content__block-image\" \/>\n\t\t\t\t\t\t\t\t<\/div>\n\t\t\t\t\t\t\t\t\t\t\t\t\t\t<div class=\"cle-navigated-content__block-content\">\n\t\t\t\t\t\t\t\t<h2>Opci\u00f3 2: mesurar la grand\u00e0ria del seu dit<\/h2>\n<p>El seu anell ha d&#8217;adaptar-se al seu dit c\u00f2modament. Ha de quedar ben ajustat perqu\u00e8 no caigui, per\u00f2 prou fluix com per a poder lliscar sobre el seu artell.<\/p>\n<ol>\n<li>Agafi una cinta no flexible i enrotlli-la al voltant del dit on vol portar l&#8217;anell.<\/li>\n<li>Faci una petita marca just en el lloc on tots dos extrems s&#8217;uneixen.<\/li>\n<li>Mesuri la longitud i busqui-la a la \u201cTaula internacional de mesures d&#8217;anells\u201d, que trobar\u00e0 a continuaci\u00f3, per a con\u00e8ixer la seva talla exacta.<\/li>\n<\/ol>\n<p>Eviti l&#8217;\u00fas de cordes o gomes el\u00e0stiques per a mesurar la grand\u00e0ria de l&#8217;anell, ja que aquests materials es poden estirar o tor\u00e7ar, produint un mesurament inexacte .<\/p>\n<p>Si vol adquirir un anell des de fora d&#8217;Europa, utilitzi la mateixa taula on trobar\u00e0 la conversi\u00f3 de mesures internacionals.<\/p>\n\t\t\t\t\t\t\t<\/div>\n\t\t\t\t\t\t<\/div>\n\t\t\t\t\t\t\t\t\t\t\t<div class=\"cle-navigated-content__block cle-navigated-content__block--no-has-media\">\n\t\t\t\t\t\t\t\t\t\t\t\t\t\t<div class=\"cle-navigated-content__block-content\">\n\t\t\t\t\t\t\t\t<h2>Taula internacional de mesures d&#8217;anells<\/h2>\n<div class=\"traductor-checkbox form-group\">\n<div class=\"row\">\n<div class=\"col-sm-offset-2 col-sm-5\"><\/div>\n<\/div>\n<\/div>\n<table>\n<thead>\n<tr>\n<th>Circumference (mm)<\/th>\n<th>Diammeter (mm)<\/th>\n<th>United States &amp; Canada<\/th>\n<th>UK &amp; AUS<\/th>\n<th>Europe<\/th>\n<th>Spain<\/th>\n<th>China<\/th>\n<th>Singapur &amp; Japan<\/th>\n<th>HongKong<\/th>\n<th>Switzerland<\/th>\n<\/tr>\n<\/thead>\n<tbody>\n<tr>\n<td>44,2<\/td>\n<td>14,1<\/td>\n<td>3<\/td>\n<td>F 1\/2<\/td>\n<td>44<\/td>\n<td>4<\/td>\n<td>6<\/td>\n<td>4<\/td>\n<td>6<\/td>\n<td>4<\/td>\n<\/tr>\n<tr>\n<td>44,8<\/td>\n<td>14,3<\/td>\n<td>3<\/td>\n<td>G<\/td>\n<td>45<\/td>\n<td>5<\/td>\n<td><\/td>\n<td>5<\/td>\n<td>6<\/td>\n<td>51\/4<\/td>\n<\/tr>\n<tr>\n<td>45,5<\/td>\n<td>14,5<\/td>\n<td>31\/2<\/td>\n<td>G 1\/2<\/td>\n<td>45<\/td>\n<td>5<\/td>\n<td>7<\/td>\n<td><\/td>\n<td>7,5<\/td>\n<td><\/td>\n<\/tr>\n<tr>\n<td>46,1<\/td>\n<td>14,7<\/td>\n<td>3 1\/2<\/td>\n<td>H<\/td>\n<td>46<\/td>\n<td>6<\/td>\n<td><\/td>\n<td>6<\/td>\n<td><\/td>\n<td>6 1\/2<\/td>\n<\/tr>\n<tr>\n<td>46,8<\/td>\n<td>14,9<\/td>\n<td>4<\/td>\n<td>H 1\/2<\/td>\n<td>47<\/td>\n<td>7<\/td>\n<td>8<\/td>\n<td>7<\/td>\n<td>9<\/td>\n<td><\/td>\n<\/tr>\n<tr>\n<td>46,8<\/td>\n<td>14,9<\/td>\n<td>4<\/td>\n<td>F 1\/2<\/td>\n<td>44<\/td>\n<td>4<\/td>\n<td>6<\/td>\n<td>4<\/td>\n<td>6<\/td>\n<td>4<\/td>\n<\/tr>\n<tr>\n<td>47,4<\/td>\n<td>15,1<\/td>\n<td>4<\/td>\n<td>I<\/td>\n<td>47<\/td>\n<td>7<\/td>\n<td>9<\/td>\n<td><\/td>\n<td><\/td>\n<td>7 3\/4<\/td>\n<\/tr>\n<tr>\n<td>48<\/td>\n<td>15,3<\/td>\n<td>4 1\/2<\/td>\n<td>I 1\/2<\/td>\n<td>48<\/td>\n<td>8<\/td>\n<td><\/td>\n<td>8<\/td>\n<td>10<\/td>\n<td><\/td>\n<\/tr>\n<tr>\n<td>48,7<\/td>\n<td>15,5<\/td>\n<td>4 1\/2<\/td>\n<td>J<\/td>\n<td>48<\/td>\n<td>8<\/td>\n<td><\/td>\n<td><\/td>\n<td><\/td>\n<td>9<\/td>\n<\/tr>\n<tr>\n<td>49,3<\/td>\n<td>15,7<\/td>\n<td>5<\/td>\n<td>J 1\/2<\/td>\n<td>49<\/td>\n<td>9<\/td>\n<td>10<\/td>\n<td>9<\/td>\n<td>11<\/td>\n<td><\/td>\n<\/tr>\n<tr>\n<td>50<\/td>\n<td>15,9<\/td>\n<td>5<\/td>\n<td>K<\/td>\n<td>50<\/td>\n<td>10<\/td>\n<td><\/td>\n<td><\/td>\n<td><\/td>\n<td>10<\/td>\n<\/tr>\n<tr>\n<td>50,6<\/td>\n<td>16,1<\/td>\n<td>5 1\/2<\/td>\n<td>K 1\/2<\/td>\n<td>50<\/td>\n<td>10<\/td>\n<td>11<\/td>\n<td>10<\/td>\n<td>12<\/td>\n<td><\/td>\n<\/tr>\n<tr>\n<td>51,2<\/td>\n<td>16,3<\/td>\n<td>5 1\/2<\/td>\n<td>L<\/td>\n<td>51<\/td>\n<td>11<\/td>\n<td><\/td>\n<td><\/td>\n<td><\/td>\n<td>11 3\/4<\/td>\n<\/tr>\n<tr>\n<td>51,9<\/td>\n<td>16,5<\/td>\n<td>6<\/td>\n<td>L 1\/2<\/td>\n<td>52<\/td>\n<td>12<\/td>\n<td>12<\/td>\n<td>11<\/td>\n<td>13<\/td>\n<td>12 3\/4<\/td>\n<\/tr>\n<tr>\n<td>52,5<\/td>\n<td>16,7<\/td>\n<td>6<\/td>\n<td>M<\/td>\n<td>52<\/td>\n<td>12<\/td>\n<td>13<\/td>\n<td>12<\/td>\n<td><\/td>\n<td><\/td>\n<\/tr>\n<tr>\n<td>53,1<\/td>\n<td>16,9<\/td>\n<td>6 1\/2<\/td>\n<td>M 1\/2<\/td>\n<td>53<\/td>\n<td>13<\/td>\n<td><\/td>\n<td>13<\/td>\n<td>14,5<\/td>\n<td>14<\/td>\n<\/tr>\n<tr>\n<td>53,8<\/td>\n<td>17,3<\/td>\n<td>7<\/td>\n<td>N 1\/2<\/td>\n<td>54<\/td>\n<td>13<\/td>\n<td>14<\/td>\n<td><\/td>\n<td><\/td>\n<td><\/td>\n<\/tr>\n<tr>\n<td>54,4<\/td>\n<td>17,3<\/td>\n<td>7<\/td>\n<td>N 1\/2<\/td>\n<td>54<\/td>\n<td>14<\/td>\n<td><\/td>\n<td>14<\/td>\n<td>16<\/td>\n<td>15 1\/4<\/td>\n<\/tr>\n<tr>\n<td>55,1<\/td>\n<td>17,5<\/td>\n<td>7<\/td>\n<td>O<\/td>\n<td>55<\/td>\n<td>15<\/td>\n<td>15<\/td>\n<td><\/td>\n<td><\/td>\n<td><\/td>\n<\/tr>\n<tr>\n<td>55,7<\/td>\n<td>17,7<\/td>\n<td>7 1\/2<\/td>\n<td>O 1\/2<\/td>\n<td>55<\/td>\n<td>15<\/td>\n<td><\/td>\n<td>15<\/td>\n<td>17<\/td>\n<td>16 1\/2<\/td>\n<\/tr>\n<tr>\n<td>56,3<\/td>\n<td>17,9<\/td>\n<td>7 1\/2<\/td>\n<td>P<\/td>\n<td>56<\/td>\n<td>16<\/td>\n<td>16<\/td>\n<td><\/td>\n<td><\/td>\n<td><\/td>\n<\/tr>\n<tr>\n<td>57<\/td>\n<td>18,1<\/td>\n<td>8<\/td>\n<td>P 1\/2<\/td>\n<td>57<\/td>\n<td>17<\/td>\n<td>17<\/td>\n<td>16<\/td>\n<td><\/td>\n<td>17 3\/4<\/td>\n<\/tr>\n<tr>\n<td>57,2<\/td>\n<td>18,2<\/td>\n<td>8<\/td>\n<td>P 1\/2<\/td>\n<td>57<\/td>\n<td>17<\/td>\n<td><\/td>\n<td><\/td>\n<td>18<\/td>\n<td><\/td>\n<\/tr>\n<tr>\n<td>57,6<\/td>\n<td>18,3<\/td>\n<td>8 1\/2<\/td>\n<td>Q<\/td>\n<td>58<\/td>\n<td>18<\/td>\n<td><\/td>\n<td><\/td>\n<td><\/td>\n<td><\/td>\n<\/tr>\n<tr>\n<td>58,3<\/td>\n<td>18,5<\/td>\n<td>8 1\/2<\/td>\n<td>Q 1\/2<\/td>\n<td>58<\/td>\n<td>18<\/td>\n<td>18<\/td>\n<td>17<\/td>\n<td>19<\/td>\n<td><\/td>\n<\/tr>\n<tr>\n<td>58,9<\/td>\n<td>18,8<\/td>\n<td>9<\/td>\n<td>R<\/td>\n<td>59<\/td>\n<td>19<\/td>\n<td><\/td>\n<td><\/td>\n<td><\/td>\n<td>19<\/td>\n<\/tr>\n<tr>\n<td>59,5<\/td>\n<td>19<\/td>\n<td>9<\/td>\n<td>R 1\/2<\/td>\n<td>59<\/td>\n<td>19<\/td>\n<td>19<\/td>\n<td>18<\/td>\n<td>20,5<\/td>\n<td><\/td>\n<\/tr>\n<tr>\n<td>60,2<\/td>\n<td>19,2<\/td>\n<td>9<\/td>\n<td>S<\/td>\n<td>60<\/td>\n<td>20<\/td>\n<td>20<\/td>\n<td><\/td>\n<td><\/td>\n<td>20 1\/4<\/td>\n<\/tr>\n<tr>\n<td>60,8<\/td>\n<td>19,4<\/td>\n<td>9 1\/2<\/td>\n<td>S 1\/2<\/td>\n<td>61<\/td>\n<td>21<\/td>\n<td><\/td>\n<td>19<\/td>\n<td>22<\/td>\n<td><\/td>\n<\/tr>\n<tr>\n<td>61,4<\/td>\n<td>19,6<\/td>\n<td>9 1\/2<\/td>\n<td>T<\/td>\n<td>61<\/td>\n<td>21<\/td>\n<td>21<\/td>\n<td><\/td>\n<td><\/td>\n<td>21 1\/2<\/td>\n<\/tr>\n<tr>\n<td>62,1<\/td>\n<td>19,8<\/td>\n<td>10<\/td>\n<td>T 1\/2<\/td>\n<td>62<\/td>\n<td>22<\/td>\n<td><\/td>\n<td>20<\/td>\n<td>23<\/td>\n<td><\/td>\n<\/tr>\n<tr>\n<td>62,7<\/td>\n<td>20<\/td>\n<td>10<\/td>\n<td>U<\/td>\n<td>62<\/td>\n<td>22<\/td>\n<td>22<\/td>\n<td>21<\/td>\n<td><\/td>\n<td><\/td>\n<\/tr>\n<tr>\n<td>63,4<\/td>\n<td>20,2<\/td>\n<td>10 1\/2<\/td>\n<td>U 1\/2<\/td>\n<td>63<\/td>\n<td>23<\/td>\n<td><\/td>\n<td>22<\/td>\n<td>24<\/td>\n<td>22 3\/4<\/td>\n<\/tr>\n<tr>\n<td>63<\/td>\n<td>20,4<\/td>\n<td>10 1\/2<\/td>\n<td>V<\/td>\n<td>64<\/td>\n<td>24<\/td>\n<td>23<\/td>\n<td><\/td>\n<td><\/td>\n<td><\/td>\n<\/tr>\n<tr>\n<td>64,6<\/td>\n<td>20,6<\/td>\n<td>11<\/td>\n<td>V 1\/2<\/td>\n<td>64<\/td>\n<td>24<\/td>\n<td><\/td>\n<td>23<\/td>\n<td>25<\/td>\n<td><\/td>\n<\/tr>\n<tr>\n<td>65,3<\/td>\n<td>20,8<\/td>\n<td>11<\/td>\n<td>W<\/td>\n<td>65<\/td>\n<td>25<\/td>\n<td>24<\/td>\n<td><\/td>\n<td><\/td>\n<td>25<\/td>\n<\/tr>\n<tr>\n<td>65,9<\/td>\n<td>2<\/td>\n<td>11 1\/2<\/td>\n<td>W 1\/2<\/td>\n<td>66<\/td>\n<td>26<\/td>\n<td>25<\/td>\n<td>24<\/td>\n<td>26<\/td>\n<td><\/td>\n<\/tr>\n<tr>\n<td>66,6<\/td>\n<td>21,2<\/td>\n<td>11 1\/2<\/td>\n<td>X<\/td>\n<td>66<\/td>\n<td>26<\/td>\n<td><\/td>\n<td><\/td>\n<td><\/td>\n<td><\/td>\n<\/tr>\n<tr>\n<td>67,2<\/td>\n<td>21,4<\/td>\n<td>12<\/td>\n<td>X 1\/2<\/td>\n<td>67<\/td>\n<td>27<\/td>\n<td>26<\/td>\n<td>25<\/td>\n<td>27,75<\/td>\n<td>27 1\/2<\/td>\n<\/tr>\n<tr>\n<td>67,8<\/td>\n<td>21,6<\/td>\n<td>12<\/td>\n<td>Y<\/td>\n<td>67<\/td>\n<td>27<\/td>\n<td><\/td>\n<td><\/td>\n<td><\/td>\n<td><\/td>\n<\/tr>\n<tr>\n<td>68,5<\/td>\n<td>21,8<\/td>\n<td>12 1\/2<\/td>\n<td>Z<\/td>\n<td>68<\/td>\n<td>28<\/td>\n<td><\/td>\n<td>26<\/td>\n<td><\/td>\n<td>28 3\/4<\/td>\n<\/tr>\n<tr>\n<td>69,1<\/td>\n<td>22<\/td>\n<td>12 1\/2<\/td>\n<td>Z 1\/2<\/td>\n<td>69<\/td>\n<td>29<\/td>\n<td><\/td>\n<td><\/td>\n<td><\/td>\n<td><\/td>\n<\/tr>\n<tr>\n<td>69,7<\/td>\n<td>22,2<\/td>\n<td>13<\/td>\n<td>Z 1\/2<\/td>\n<td>70<\/td>\n<td>30<\/td>\n<td><\/td>\n<td>27<\/td>\n<td>30<\/td>\n<td><\/td>\n<\/tr>\n<tr>\n<td>70,4<\/td>\n<td>22,4<\/td>\n<td>13<\/td>\n<td>Z+1<\/td>\n<td>71<\/td>\n<td>31<\/td>\n<td><\/td>\n<td><\/td>\n<td><\/td>\n<td><\/td>\n<\/tr>\n<tr>\n<td>71<\/td>\n<td>22,6<\/td>\n<td>13 1\/2<\/td>\n<td>Z+2<\/td>\n<td>72<\/td>\n<td>32<\/td>\n<td><\/td>\n<td><\/td>\n<td><\/td>\n<td><\/td>\n<\/tr>\n<\/tbody>\n<\/table>\n\t\t\t\t\t\t\t<\/div>\n\t\t\t\t\t\t<\/div>\n\t\t\t\t\t\t\t\t\t\t\t<div class=\"cle-navigated-content__block .cle-navigated-content__block--has-media\">\n\t\t\t\t\t\t\t\t\t\t\t\t\t\t\t<div class=\"cle-navigated-content__block-media\">\n\t\t\t\t\t\t\t\t\t<img decoding=\"async\" src=\"https:\/\/www.clemenciaperis.com\/wp-content\/uploads\/2025\/10\/talla-anillo-06-1024x614.jpg\" class=\"cle-navigated-content__block-image\" \/>\n\t\t\t\t\t\t\t\t<\/div>\n\t\t\t\t\t\t\t\t\t\t\t\t\t\t<div class=\"cle-navigated-content__block-content\">\n\t\t\t\t\t\t\t\t<h3>Consells per a mesurar la seva talla d&#8217;anell<\/h3>\n<p>La grand\u00e0ria del dit pot variar depenent de l&#8217;hora del dia i del clima . Per a obtenir els millors resultats, li recomanem:<\/p>\n<ul>\n<li>Mesurar la grand\u00e0ria del dit al final del dia i quan els dits estiguin calents, ja que la grand\u00e0ria dels dits \u00e9s m\u00e9s petit al mat\u00ed o quan fa fred.<\/li>\n<li>Mesurar la grand\u00e0ria del dit 3 o 4 vegades per a evitar una lectura err\u00f2nia.<\/li>\n<\/ul>\n<h3>Consells per a comprar l&#8217;anell com a sorpresa<\/h3>\n<ul>\n<li>Pregunti als seus amics o a la seva mare si coneixen la grand\u00e0ria del seu dit.<\/li>\n<li>Agafi sense que se n&#8217;adoni un anell que porti habitualment just en el dit en el qual est\u00e0 interessat. Utilitzi&#8217;l per a esbrinar la talla correcta a trav\u00e9s del mesurador de cercles que trobar\u00e0 a la nostra \u201cGuia de talles\u201d descarregable. Tamb\u00e9 pot portar-lo a qualsevol de les nostres joieries perqu\u00e8 li indiquem la grand\u00e0ria exacta.<\/li>\n<\/ul>\n<h3>Canvi de grand\u00e0ria gratu\u00efta<\/h3>\n<p>Clem\u00e8ncia Peris ofereix <strong>canvi de talla gratu\u00eft<\/strong> en tots els anells durant el primer any. Nom\u00e9s ha de trucar-nos, enviar-nos un email o visitar nostres joyerias per a gestionar el canvi de grand\u00e0ria.<\/p>\n\t\t\t\t\t\t\t<\/div>\n\t\t\t\t\t\t<\/div>\n\t\t\t\t\t\t\t\t\t<\/div>\n\t\t\t\t\t\t\t\t<\/div>\n\t\t\t\t\t\t\t<div class=\"cle-navigated-content__section\" id=\"guia-tallas-brazaletes\">\n\t\t\t\t<h2 class=\"cle-navigated-content__section-heading\">\n\t\t\t\t\t02 Com saber la seva talla de bra\u00e7alet\t\t\t\t<\/h2>\n\n\t\t\t\t\t\t\t\t<div class=\"cle-navigated-content__blocks\">\n\t\t\t\t\t\t\t\t\t\t\t<div class=\"cle-navigated-content__block .cle-navigated-content__block--has-media\">\n\t\t\t\t\t\t\t\t\t\t\t\t\t\t\t<div class=\"cle-navigated-content__block-media\">\n\t\t\t\t\t\t\t\t\t<img decoding=\"async\" src=\"https:\/\/www.clemenciaperis.com\/wp-content\/uploads\/2025\/10\/talla-anillo-07-1024x591.jpg\" class=\"cle-navigated-content__block-image\" \/>\n\t\t\t\t\t\t\t\t<\/div>\n\t\t\t\t\t\t\t\t\t\t\t\t\t\t<div class=\"cle-navigated-content__block-content\">\n\t\t\t\t\t\t\t\t<h3>Com escollir la talla de bra\u00e7alet<\/h3>\n<p>Els bra\u00e7alets de Clem\u00e8ncia Peris estan disponibles en tres talles: S, M i L. A la seg\u00fcent taula, veur\u00e0 indicada la longitud de cadascuna en cent\u00edmetres.<\/p>\n<p>Els bra\u00e7alets tipus esclava de\u00a0Clem\u00e8ncia\u00a0Peris s&#8217;ofereixen en talla \u00fanica.<\/p>\n<h4>Taula de mides per a bra\u00e7alets (cm)<\/h4>\n<table>\n<thead>\n<tr>\n<th>Talla<\/th>\n<th>cm<\/th>\n<\/tr>\n<\/thead>\n<tbody>\n<tr>\n<td>S<\/td>\n<td>14-16cm<\/td>\n<\/tr>\n<tr>\n<td>M<\/td>\n<td>16-18cm<\/td>\n<\/tr>\n<tr>\n<td>L<\/td>\n<td>18-20cm<\/td>\n<\/tr>\n<\/tbody>\n<\/table>\n<p>&nbsp;<\/p>\n<p>Per a esbrinar la talla correcta, <strong>pot fer-ho de tres formes<\/strong>: utilitzant un bra\u00e7alet actual, mitjan\u00e7ant una cinta m\u00e8trica o amb el mesurador de canell de Clem\u00e8ncia Peris. Li detallem cadascuna de les opcions, a continuaci\u00f3.<\/p>\n\t\t\t\t\t\t\t<\/div>\n\t\t\t\t\t\t<\/div>\n\t\t\t\t\t\t\t\t\t\t\t<div class=\"cle-navigated-content__block .cle-navigated-content__block--has-media\">\n\t\t\t\t\t\t\t\t\t\t\t\t\t\t\t<div class=\"cle-navigated-content__block-media\">\n\t\t\t\t\t\t\t\t\t<img decoding=\"async\" src=\"https:\/\/www.clemenciaperis.com\/wp-content\/uploads\/2025\/10\/talla-anillo-08-1024x591.jpg\" class=\"cle-navigated-content__block-image\" \/>\n\t\t\t\t\t\t\t\t<\/div>\n\t\t\t\t\t\t\t\t\t\t\t\t\t\t<div class=\"cle-navigated-content__block-content\">\n\t\t\t\t\t\t\t\t<h2>Opci\u00f3 01: Triar la talla utilitzant un altre bra\u00e7alet<\/h2>\n<ol>\n<li>Tri\u00ef un bra\u00e7alet actual que s&#8217;ajusti b\u00e9 al seu canell.<\/li>\n<li>Estengui&#8217;l i col\u00b7loqui&#8217;l de forma plana. Amb una regla (cm), mesuri la longitud entre la punta del tancament i l&#8217;extrem del bra\u00e7alet. Anoti la mesura.<\/li>\n<li>Comprovi a la \u201cTaula de mesures\u201d anterior a quina talla correspon.<\/li>\n<\/ol>\n<h2>Opci\u00f3 02: Triar la talla amb una cinta m\u00e8trica<\/h2>\n<ol>\n<li>Enrotlli la cinta m\u00e8trica al voltant del canell on vol portar el bra\u00e7alet.<\/li>\n<li>Prengui nota del n\u00famero que apareix en el moment que la cinta arriba al 0. Per a assegurar-se que el bra\u00e7alet s&#8217;ajusta c\u00f2modament, afegeixi 1,5 cm. Posteriorment, podr\u00e0 afegir o treure cent\u00edmetres segons si prefereix un ajust folgat, exacte o cenyit.<\/li>\n<\/ol>\n\t\t\t\t\t\t\t<\/div>\n\t\t\t\t\t\t<\/div>\n\t\t\t\t\t\t\t\t\t\t\t<div class=\"cle-navigated-content__block .cle-navigated-content__block--has-media\">\n\t\t\t\t\t\t\t\t\t\t\t\t\t\t\t<div class=\"cle-navigated-content__block-media\">\n\t\t\t\t\t\t\t\t\t<img decoding=\"async\" src=\"https:\/\/www.clemenciaperis.com\/wp-content\/uploads\/2025\/10\/talla-anillo-09-1024x1024.jpg\" class=\"cle-navigated-content__block-image\" \/>\n\t\t\t\t\t\t\t\t<\/div>\n\t\t\t\t\t\t\t\t\t\t\t\t\t\t<div class=\"cle-navigated-content__block-content\">\n\t\t\t\t\t\t\t\t<h2>Opci\u00f3 03: Utilizar el medidor de canell de Clem\u00e8ncia Peris<\/h2>\n<p>Descarregui el Mesurador de canell de Clem\u00e8ncia Peris i imprimeixi&#8217;l en una fulla A4.<\/p>\n<p><a class=\"nice-button\" href=\"https:\/\/www.clemenciaperis.com\/files\/sizes_ca.pdf\" target=\"_blank\" rel=\"noopener\">Descarregar Medidor de canell<\/a><\/p>\n<div class=\"traductor-textarea form-group\">\n<div class=\"textarea-desti col-xs-12 col-sm-6\">\n<div class=\"form-control second-textarea\">Haur\u00e0 de realitzar una petita comprovaci\u00f3 per a verificar que la impressi\u00f3 \u00e9s correcta. Mesuri la barra negra que trobar\u00e0 en el document. Ha de tenir exactament 30 mm de llarg.<\/div>\n<\/div>\n<\/div>\n<div class=\"traductor-checkbox form-group\">\n<div class=\"row\">\n<div class=\"col-sm-offset-2 col-sm-5\"><\/div>\n<\/div>\n<\/div>\n<p><img decoding=\"async\" style=\"max-width: 163px\" src=\"\/wp-content\/uploads\/2025\/10\/talla-anillo-02.png\" \/><\/p>\n<ol>\n<li>Faci un petit tall en el mesurador de canell just en el punt que li indiquem.<\/li>\n<li>Col\u00b7loqui&#8217;s el mesurador al canell i introdueixi la part en punta dins de l&#8217;orifici que ha tallat anteriorment on indiquem \u201ctallar aqu\u00ed\u201d.<\/li>\n<li>Estiri de l&#8217;extrem en punta fins que li quedi ajustat al seu canell.<\/li>\n<li>El n\u00famero que estigui alineat al costat de l&#8217;orifici ser\u00e0 la seva talla.<\/li>\n<\/ol>\n<p>*Aquest mesurador \u00e9s indicatiu pot no representar el 100% la talla correcta.<\/p>\n\t\t\t\t\t\t\t<\/div>\n\t\t\t\t\t\t<\/div>\n\t\t\t\t\t\t\t\t\t<\/div>\n\t\t\t\t\t\t\t\t<\/div>\n\t\t\t\t\t\t\t<div class=\"cle-navigated-content__section\" id=\"guia-talla-collares\">\n\t\t\t\t<h2 class=\"cle-navigated-content__section-heading\">\n\t\t\t\t\t03 Com saber la talla del seu collar\t\t\t\t<\/h2>\n\n\t\t\t\t\t\t\t\t<div class=\"cle-navigated-content__blocks\">\n\t\t\t\t\t\t\t\t\t\t\t<div class=\"cle-navigated-content__block .cle-navigated-content__block--has-media\">\n\t\t\t\t\t\t\t\t\t\t\t\t\t\t\t<div class=\"cle-navigated-content__block-media\">\n\t\t\t\t\t\t\t\t\t<img decoding=\"async\" src=\"https:\/\/www.clemenciaperis.com\/wp-content\/uploads\/2025\/10\/talla-anillo-10-1024x591.jpg\" class=\"cle-navigated-content__block-image\" \/>\n\t\t\t\t\t\t\t\t<\/div>\n\t\t\t\t\t\t\t\t\t\t\t\t\t\t<div class=\"cle-navigated-content__block-content\">\n\t\t\t\t\t\t\t\t<h3>Com triar la talla de collaret<\/h3>\n<div class=\"traductor-textarea form-group\">\n<div class=\"textarea-desti col-xs-12 col-sm-6\">\n<div class=\"form-control second-textarea\">Els collarets de Clem\u00e8ncia Peris estan disponibles en diferents talles, segons el llarg de la pe\u00e7a. Consulti a la seg\u00fcent il\u00b7lustraci\u00f3, el llarg del collaret que correspon a cada talla (XS, S, M, L). Les mesures estan indicades en cent\u00edmetres.<\/div>\n<\/div>\n<\/div>\n<div class=\"traductor-checkbox form-group\">\n<div class=\"row\">\n<div class=\"col-sm-offset-2 col-sm-5\"><\/div>\n<\/div>\n<\/div>\n<p><img decoding=\"async\" style=\"max-width: 624px\" src=\"\/wp-content\/uploads\/2025\/11\/talla-collar.png\" \/><\/p>\n\t\t\t\t\t\t\t<\/div>\n\t\t\t\t\t\t<\/div>\n\t\t\t\t\t\t\t\t\t<\/div>\n\t\t\t\t\t\t\t\t<\/div>\n\t\t\t\t\t\t<\/div>\n\t<\/div>\n<\/div>","protected":false},"excerpt":{"rendered":"","protected":false},"author":1,"featured_media":0,"parent":0,"menu_order":0,"comment_status":"closed","ping_status":"closed","template":"","meta":{"_acf_changed":false,"footnotes":""},"class_list":["post-215015","page","type-page","status-publish","hentry"],"acf":[],"yoast_head":"<!-- This site is optimized with the Yoast SEO plugin v24.8.1 - https:\/\/yoast.com\/wordpress\/plugins\/seo\/ -->\n<title>Guia de talles - Joieria Clem\u00e8ncia Peris \u00ae<\/title>\n<meta name=\"description\" content=\"Descobreixi amb exactitud la seva talla d&#039;anell, bra\u00e7alet o collaret. Li oferim canvi de talla gratu\u00eft en totes les joies.\" \/>\n<meta name=\"robots\" content=\"index, follow, max-snippet:-1, max-image-preview:large, max-video-preview:-1\" \/>\n<link rel=\"canonical\" href=\"https:\/\/www.clemenciaperis.com\/ca\/guia-de-talles\/\" \/>\n<meta property=\"og:locale\" content=\"ca_ES\" \/>\n<meta property=\"og:type\" content=\"article\" \/>\n<meta property=\"og:title\" content=\"Guia de talles - Joieria Clem\u00e8ncia Peris \u00ae\" \/>\n<meta property=\"og:description\" content=\"Descobreixi amb exactitud la seva talla d&#039;anell, bra\u00e7alet o collaret. Li oferim canvi de talla gratu\u00eft en totes les joies.\" \/>\n<meta property=\"og:url\" content=\"https:\/\/www.clemenciaperis.com\/ca\/guia-de-talles\/\" \/>\n<meta property=\"og:site_name\" content=\"Joieria Clem\u00e8ncia Peris \u00ae\" \/>\n<meta property=\"article:publisher\" content=\"https:\/\/www.facebook.com\/clemenciaperisjewelry\" \/>\n<meta property=\"article:modified_time\" content=\"2026-02-09T22:14:48+00:00\" \/>\n<meta property=\"og:image\" content=\"https:\/\/www.clemenciaperis.com\/wp-content\/uploads\/2023\/10\/Clemencia-peris-logo2.png\" \/>\n\t<meta property=\"og:image:width\" content=\"400\" \/>\n\t<meta property=\"og:image:height\" content=\"400\" \/>\n\t<meta property=\"og:image:type\" content=\"image\/png\" \/>\n<meta name=\"twitter:card\" content=\"summary_large_image\" \/>\n<script type=\"application\/ld+json\" class=\"yoast-schema-graph\">{\"@context\":\"https:\/\/schema.org\",\"@graph\":[{\"@type\":\"WebPage\",\"@id\":\"https:\/\/www.clemenciaperis.com\/ca\/guia-de-talles\/\",\"url\":\"https:\/\/www.clemenciaperis.com\/ca\/guia-de-talles\/\",\"name\":\"Guia de talles - Joieria Clem\u00e8ncia Peris \u00ae\",\"isPartOf\":{\"@id\":\"https:\/\/www.clemenciaperis.com\/ca\/#website\"},\"datePublished\":\"2026-01-26T10:48:02+00:00\",\"dateModified\":\"2026-02-09T22:14:48+00:00\",\"description\":\"Descobreixi amb exactitud la seva talla d'anell, bra\u00e7alet o collaret. Li oferim canvi de talla gratu\u00eft en totes les joies.\",\"inLanguage\":\"ca\",\"potentialAction\":[{\"@type\":\"ReadAction\",\"target\":[\"https:\/\/www.clemenciaperis.com\/ca\/guia-de-talles\/\"]}]},{\"@type\":\"WebSite\",\"@id\":\"https:\/\/www.clemenciaperis.com\/ca\/#website\",\"url\":\"https:\/\/www.clemenciaperis.com\/ca\/\",\"name\":\"Joyer\u00eda Clem\u00e8ncia Peris \u00ae\",\"description\":\"Joyer\u00eda exclusiva en Barcelona desde 1979: Anillos de compromiso, alianzas de boda y anillos de diamantes.\",\"publisher\":{\"@id\":\"https:\/\/www.clemenciaperis.com\/ca\/#organization\"},\"potentialAction\":[{\"@type\":\"SearchAction\",\"target\":{\"@type\":\"EntryPoint\",\"urlTemplate\":\"https:\/\/www.clemenciaperis.com\/ca\/?s={search_term_string}\"},\"query-input\":{\"@type\":\"PropertyValueSpecification\",\"valueRequired\":true,\"valueName\":\"search_term_string\"}}],\"inLanguage\":\"ca\"},{\"@type\":\"Organization\",\"@id\":\"https:\/\/www.clemenciaperis.com\/ca\/#organization\",\"name\":\"Joyer\u00eda Clem\u00e8ncia Peris \u00ae\",\"url\":\"https:\/\/www.clemenciaperis.com\/ca\/\",\"logo\":{\"@type\":\"ImageObject\",\"inLanguage\":\"ca\",\"@id\":\"https:\/\/www.clemenciaperis.com\/ca\/#\/schema\/logo\/image\/\",\"url\":\"https:\/\/www.clemenciaperis.com\/wp-content\/uploads\/2023\/10\/Clemencia-peris-logo2.png\",\"contentUrl\":\"https:\/\/www.clemenciaperis.com\/wp-content\/uploads\/2023\/10\/Clemencia-peris-logo2.png\",\"width\":400,\"height\":400,\"caption\":\"Joyer\u00eda Clem\u00e8ncia Peris \u00ae\"},\"image\":{\"@id\":\"https:\/\/www.clemenciaperis.com\/ca\/#\/schema\/logo\/image\/\"},\"sameAs\":[\"https:\/\/www.facebook.com\/clemenciaperisjewelry\",\"https:\/\/www.instagram.com\/clemenciaperisjewels\/\",\"https:\/\/www.youtube.com\/channel\/UCbLZI0bC2wvj0PaS2aj99bA\"]}]}<\/script>\n<!-- \/ Yoast SEO plugin. -->","yoast_head_json":{"title":"Guia de talles - Joieria Clem\u00e8ncia Peris \u00ae","description":"Descobreixi amb exactitud la seva talla d'anell, bra\u00e7alet o collaret. Li oferim canvi de talla gratu\u00eft en totes les joies.","robots":{"index":"index","follow":"follow","max-snippet":"max-snippet:-1","max-image-preview":"max-image-preview:large","max-video-preview":"max-video-preview:-1"},"canonical":"https:\/\/www.clemenciaperis.com\/ca\/guia-de-talles\/","og_locale":"ca_ES","og_type":"article","og_title":"Guia de talles - Joieria Clem\u00e8ncia Peris \u00ae","og_description":"Descobreixi amb exactitud la seva talla d'anell, bra\u00e7alet o collaret. Li oferim canvi de talla gratu\u00eft en totes les joies.","og_url":"https:\/\/www.clemenciaperis.com\/ca\/guia-de-talles\/","og_site_name":"Joieria Clem\u00e8ncia Peris \u00ae","article_publisher":"https:\/\/www.facebook.com\/clemenciaperisjewelry","article_modified_time":"2026-02-09T22:14:48+00:00","og_image":[{"width":400,"height":400,"url":"https:\/\/www.clemenciaperis.com\/wp-content\/uploads\/2023\/10\/Clemencia-peris-logo2.png","type":"image\/png"}],"twitter_card":"summary_large_image","schema":{"@context":"https:\/\/schema.org","@graph":[{"@type":"WebPage","@id":"https:\/\/www.clemenciaperis.com\/ca\/guia-de-talles\/","url":"https:\/\/www.clemenciaperis.com\/ca\/guia-de-talles\/","name":"Guia de talles - Joieria Clem\u00e8ncia Peris \u00ae","isPartOf":{"@id":"https:\/\/www.clemenciaperis.com\/ca\/#website"},"datePublished":"2026-01-26T10:48:02+00:00","dateModified":"2026-02-09T22:14:48+00:00","description":"Descobreixi amb exactitud la seva talla d'anell, bra\u00e7alet o collaret. Li oferim canvi de talla gratu\u00eft en totes les joies.","inLanguage":"ca","potentialAction":[{"@type":"ReadAction","target":["https:\/\/www.clemenciaperis.com\/ca\/guia-de-talles\/"]}]},{"@type":"WebSite","@id":"https:\/\/www.clemenciaperis.com\/ca\/#website","url":"https:\/\/www.clemenciaperis.com\/ca\/","name":"Joyer\u00eda Clem\u00e8ncia Peris \u00ae","description":"Joyer\u00eda exclusiva en Barcelona desde 1979: Anillos de compromiso, alianzas de boda y anillos de diamantes.","publisher":{"@id":"https:\/\/www.clemenciaperis.com\/ca\/#organization"},"potentialAction":[{"@type":"SearchAction","target":{"@type":"EntryPoint","urlTemplate":"https:\/\/www.clemenciaperis.com\/ca\/?s={search_term_string}"},"query-input":{"@type":"PropertyValueSpecification","valueRequired":true,"valueName":"search_term_string"}}],"inLanguage":"ca"},{"@type":"Organization","@id":"https:\/\/www.clemenciaperis.com\/ca\/#organization","name":"Joyer\u00eda Clem\u00e8ncia Peris \u00ae","url":"https:\/\/www.clemenciaperis.com\/ca\/","logo":{"@type":"ImageObject","inLanguage":"ca","@id":"https:\/\/www.clemenciaperis.com\/ca\/#\/schema\/logo\/image\/","url":"https:\/\/www.clemenciaperis.com\/wp-content\/uploads\/2023\/10\/Clemencia-peris-logo2.png","contentUrl":"https:\/\/www.clemenciaperis.com\/wp-content\/uploads\/2023\/10\/Clemencia-peris-logo2.png","width":400,"height":400,"caption":"Joyer\u00eda Clem\u00e8ncia Peris \u00ae"},"image":{"@id":"https:\/\/www.clemenciaperis.com\/ca\/#\/schema\/logo\/image\/"},"sameAs":["https:\/\/www.facebook.com\/clemenciaperisjewelry","https:\/\/www.instagram.com\/clemenciaperisjewels\/","https:\/\/www.youtube.com\/channel\/UCbLZI0bC2wvj0PaS2aj99bA"]}]}},"_links":{"self":[{"href":"https:\/\/www.clemenciaperis.com\/ca\/wp-json\/wp\/v2\/pages\/215015","targetHints":{"allow":["GET"]}}],"collection":[{"href":"https:\/\/www.clemenciaperis.com\/ca\/wp-json\/wp\/v2\/pages"}],"about":[{"href":"https:\/\/www.clemenciaperis.com\/ca\/wp-json\/wp\/v2\/types\/page"}],"author":[{"embeddable":true,"href":"https:\/\/www.clemenciaperis.com\/ca\/wp-json\/wp\/v2\/users\/1"}],"replies":[{"embeddable":true,"href":"https:\/\/www.clemenciaperis.com\/ca\/wp-json\/wp\/v2\/comments?post=215015"}],"version-history":[{"count":14,"href":"https:\/\/www.clemenciaperis.com\/ca\/wp-json\/wp\/v2\/pages\/215015\/revisions"}],"predecessor-version":[{"id":215074,"href":"https:\/\/www.clemenciaperis.com\/ca\/wp-json\/wp\/v2\/pages\/215015\/revisions\/215074"}],"wp:attachment":[{"href":"https:\/\/www.clemenciaperis.com\/ca\/wp-json\/wp\/v2\/media?parent=215015"}],"curies":[{"name":"wp","href":"https:\/\/api.w.org\/{rel}","templated":true}]}}